{"id":19210,"date":"2025-12-09T15:54:57","date_gmt":"2025-12-09T14:54:57","guid":{"rendered":"https:\/\/www.euroregion-naen.eu\/?page_id=19210"},"modified":"2025-12-09T15:54:57","modified_gmt":"2025-12-09T14:54:57","slug":"lanean-apoyar-el-desarrollo-del-empleo-transfronterizo","status":"publish","type":"page","link":"https:\/\/www.euroregion-naen.eu\/es\/lanean-apoyar-el-desarrollo-del-empleo-transfronterizo\/","title":{"rendered":"LANEAN \u2013 Apoyar el desarrollo del empleo transfronterizo"},"content":{"rendered":"<p>El proyecto <strong>LANEAN<\/strong> tiene como objetivo consolidar<strong> un espacio de empleo transfronterizo fluido e inclusivo <\/strong>en el territorio AFOMEF.<\/p>\n<p>Su finalidad principal es crear <strong>una verdadera cuenca de trabajo com\u00fan<\/strong> entre los tres territorios, en una zona donde a\u00fan persisten obst\u00e1culos: la barrera ling\u00fc\u00edstica, las diferencias jur\u00eddicas o la falta de informaci\u00f3n sobre lo que ocurre al otro lado de la frontera.<\/p>\n<p>En la pr\u00e1ctica, se trata de derribar esas barreras para encontrar <strong>soluciones concretas<\/strong> a los retos que enfrentan los trabajadores, las empresas y las instituciones en el espacio transfronterizo.<\/p>\n<p><strong>Tres ejes de actuaci\u00f3n del proyecto:<\/strong><\/p>\n<ul>\n<li><strong>Elaboraci\u00f3n de un diagn\u00f3stico compartido<\/strong> sobre los flujos de mano de obra, los sectores en tensi\u00f3n y las complementariedades del mercado laboral transfronterizo.<\/li>\n<li><strong>Creaci\u00f3n de una red operativa y estable de actores institucionales y t\u00e9cnicos<\/strong> en los \u00e1mbitos del empleo, la fiscalidad, la protecci\u00f3n social y la movilidad laboral, capaz de identificar problem\u00e1ticas, promover acuerdos de cooperaci\u00f3n y coordinar soluciones concretas.<\/li>\n<li><strong>Desarrollo de servicios y herramientas de informaci\u00f3n y orientaci\u00f3n a trabajadores transfronterizos<\/strong>, incluyendo facilitar el acceso a informaci\u00f3n precisa y actualizada sobre el empleo transfronterizo (minigu\u00edas tem\u00e1ticas, folletos transfronterizos y recursos digitales multiling\u00fces), la organizaci\u00f3n de acciones de difusi\u00f3n (jornadas informativas, ventanillas \u00fanicas, ferias de empleo) y actividades de promoci\u00f3n del empleo transfronterizo mediante actividades de descubrimiento profesional, b\u00fasqueda de empleo y encuentros con empresas.<\/li>\n<\/ul>\n<p>El proyecto LANEAN \u2013 \u201cDesarrollo de un espacio de empleo transfronterizo en la Eurorregi\u00f3n Nueva-Aquitania Euskadi Navarra\u201d es un proyecto de cooperaci\u00f3n europeo cofinanciado por el <strong>Fondo Europeo de Desarrollo Regional (FEDER)<\/strong> en el marco del programa <strong>INTERREG VI-A POCTEFA 2021-2027<\/strong>.<\/p>\n<p>Tiene una duraci\u00f3n de cuatro a\u00f1os y cuenta con un presupuesto total de <strong>2.724.013,07 \u20ac<\/strong>, de los cuales <strong>1.770.608,50 \u20ac<\/strong> son aportados por la Uni\u00f3n Europea.<\/p>\n<p><strong>Socios y red de colaboraci\u00f3n<\/strong><\/p>\n<p>LANEAN est\u00e1 <strong>liderado por la Eurorregi\u00f3n Nueva-Aquitania Euskadi Navarra<\/strong> y cuenta con la participaci\u00f3n de socios operativos de ambos lados de la frontera, entre ellos: <a href=\"https:\/\/www.francetravail.fr\/region\/nouvelle-aquitaine\/\" target=\"_blank\" rel=\"noopener\">France Travail Nouvelle-Aquitaine<\/a>, <a href=\"https:\/\/www.lanbide.euskadi.eus\/inicio\/\" target=\"_blank\" rel=\"noopener\">LANBIDE<\/a>, <a href=\"https:\/\/www.capemploi.info\/\" target=\"_blank\" rel=\"noopener\">Cap Emploi<\/a>, <a href=\"https:\/\/www.missionlocale-paysbasque.org\/\" target=\"_blank\" rel=\"noopener\">Mission Locale Pays Basque<\/a>, <a href=\"https:\/\/www.bidasoa-activa.com\/es\/\" target=\"_blank\" rel=\"noopener\">Bidasoa activa \u2013 Bidasoa bizirik<\/a> y la <a href=\"https:\/\/www.gipuzkoa.eus\/es\/\" target=\"_blank\" rel=\"noopener\">Diputaci\u00f3n Foral de Gipuzkoa<\/a>.<\/p>\n<p>El proyecto se apoya adem\u00e1s en una amplia <strong>red de socios asociados con competencias en materia de empleo, fiscalidad, seguridad social y protecci\u00f3n de los trabajadores<\/strong>, como: <a href=\"https:\/\/www.le64.fr\/\" target=\"_blank\" rel=\"noopener\">CD64<\/a>, <a href=\"https:\/\/www.carsat-aquitaine.fr\/home.html\" target=\"_blank\" rel=\"noopener\">CARSAT<\/a>, <a href=\"https:\/\/www.ameli.fr\/\" target=\"_blank\" rel=\"noopener\">CPAM<\/a>, <a href=\"https:\/\/www.pyrenees-atlantiques.gouv.fr\/Services-de-l-Etat\/Emploi-travail-et-solidarites\/DDETS\" target=\"_blank\" rel=\"noopener\">DDETS<\/a>, DDFiP64, <a href=\"https:\/\/www.urssaf.fr\/accueil.html\" target=\"_blank\" rel=\"noopener\">URSSAF<\/a>, <a href=\"https:\/\/www.navarra.es\/es\/empleo\" target=\"_blank\" rel=\"noopener\">SNE<\/a>, <a href=\"https:\/\/www.navarra.es\/es\/hacienda\" target=\"_blank\" rel=\"noopener\">Hacienda Foral de Navarra<\/a>, <a href=\"https:\/\/www.gipuzkoa.eus\/es\/diputacion\/hacienda-y-finanzas\" target=\"_blank\" rel=\"noopener\">Departamento de Hacienda y Finanzas de Gipuzkoa<\/a>, <a href=\"https:\/\/www.seg-social.es\/wps\/portal\/wss\/internet\/Inicio\" target=\"_blank\" rel=\"noopener\">INSS<\/a>, <a href=\"https:\/\/www.sepe.es\/HomeSepe\/es\/encontrar-trabajo\/empleo-europa.html\" target=\"_blank\" rel=\"noopener\">SEPE-EURES<\/a>.<\/p>\n<p><strong>Cofinanciaci\u00f3n europea<\/strong><\/p>\n<p>El proyecto LANEAN ha sido cofinanciado en un 65 % por la Uni\u00f3n Europea a trav\u00e9s de la convocatoria <a href=\"https:\/\/www.afomef.eu\/es\/inicio\" target=\"_blank\" rel=\"noopener\">AFOMEF POCTEFA<\/a> del Programa Interreg VI-A Espa\u00f1a\u2013Francia\u2013Andorra (POCTEFA 2021-2027). El objetivo del <a href=\"https:\/\/www.poctefa.eu\/\" target=\"_blank\" rel=\"noopener\">POCTEFA<\/a> es reforzar la integraci\u00f3n econ\u00f3mica y social de la zona transfronteriza Espa\u00f1a\u2013Francia\u2013Andorra.<\/p>\n<p><img loading=\"lazy\" decoding=\"async\" class=\"aligncenter wp-image-19199 size-full\" src=\"https:\/\/www.euroregion-naen.eu\/wp-content\/uploads\/2025\/12\/logo-lanean-800-x-400-px-3.png\" alt=\"Logo LANEAN \" width=\"800\" height=\"400\" srcset=\"https:\/\/www.euroregion-naen.eu\/wp-content\/uploads\/2025\/12\/logo-lanean-800-x-400-px-3.png 800w, https:\/\/www.euroregion-naen.eu\/wp-content\/uploads\/2025\/12\/logo-lanean-800-x-400-px-3-300x150.png 300w, https:\/\/www.euroregion-naen.eu\/wp-content\/uploads\/2025\/12\/logo-lanean-800-x-400-px-3-768x384.png 768w\" sizes=\"auto, (max-width: 800px) 100vw, 800px\" \/><\/p>\n","protected":false},"excerpt":{"rendered":"<p>El proyecto LANEAN tiene como objetivo consolidar un espacio de empleo transfronterizo fluido e inclusivo en el territorio AFOMEF. Su finalidad principal es crear una verdadera cuenca de trabajo com\u00fan entre los tres territorios, en una zona donde a\u00fan persisten obst\u00e1culos: la barrera ling\u00fc\u00edstica, las diferencias jur\u00eddicas o la falta de informaci\u00f3n sobre lo que [&hellip;]<\/p>\n","protected":false},"author":23,"featured_media":19208,"parent":0,"menu_order":0,"comment_status":"closed","ping_status":"closed","template":"","meta":{"_acf_changed":false,"footnotes":""},"class_list":["post-19210","page","type-page","status-publish","has-post-thumbnail","hentry"],"acf":[],"_links":{"self":[{"href":"https:\/\/www.euroregion-naen.eu\/es\/wp-json\/wp\/v2\/pages\/19210","targetHints":{"allow":["GET"]}}],"collection":[{"href":"https:\/\/www.euroregion-naen.eu\/es\/wp-json\/wp\/v2\/pages"}],"about":[{"href":"https:\/\/www.euroregion-naen.eu\/es\/wp-json\/wp\/v2\/types\/page"}],"author":[{"embeddable":true,"href":"https:\/\/www.euroregion-naen.eu\/es\/wp-json\/wp\/v2\/users\/23"}],"replies":[{"embeddable":true,"href":"https:\/\/www.euroregion-naen.eu\/es\/wp-json\/wp\/v2\/comments?post=19210"}],"version-history":[{"count":0,"href":"https:\/\/www.euroregion-naen.eu\/es\/wp-json\/wp\/v2\/pages\/19210\/revisions"}],"wp:featuredmedia":[{"embeddable":true,"href":"https:\/\/www.euroregion-naen.eu\/es\/wp-json\/wp\/v2\/media\/19208"}],"wp:attachment":[{"href":"https:\/\/www.euroregion-naen.eu\/es\/wp-json\/wp\/v2\/media?parent=19210"}],"curies":[{"name":"wp","href":"https:\/\/api.w.org\/{rel}","templated":true}]}}