{"id":16141,"date":"2023-11-30T18:23:32","date_gmt":"2023-11-30T17:23:32","guid":{"rendered":"https:\/\/www.euroregion-naen.eu\/?page_id=16141"},"modified":"2025-12-19T12:45:02","modified_gmt":"2025-12-19T11:45:02","slug":"concurso-fotografico-eurorregional-instantes-transfronterizos","status":"publish","type":"page","link":"https:\/\/www.euroregion-naen.eu\/es\/concurso-fotografico-eurorregional-instantes-transfronterizos\/","title":{"rendered":"Concurso fotogr\u00e1fico eurorregional &#8216;Instantes transfronterizos&#8217;"},"content":{"rendered":"<p>La Eurorregi\u00f3n Nueva-Aquitania Euskadi Navarra edita cada a\u00f1o un calendario en el que se recogen las vacaciones escolares y los d\u00edas festivos de cada territorio, para facilitar la coordinaci\u00f3n entre los agentes econ\u00f3micos, pol\u00edticos y sociales implicados en las actividades transfronterizas. Con el objetivo de incentivar la creaci\u00f3n art\u00edstica y poner en valor la riqueza del patrimonio cultural y paisaj\u00edstico de Nueva-Aquitania, Euskadi y Navarra, el calendario de 2026 se ilustrar\u00e1 nuevamente con fotograf\u00edas tomadas por la propia ciudadan\u00eda del espacio eurorregional y seleccionadas a trav\u00e9s del concurso fotogr\u00e1fico \u00abInstantes transfronterizos\u00bb lanzado por primera vez en 2023.<\/p>\n<h2>&#8216;Instantes transfronterizos&#8217;<\/h2>\n<p>El Concurso de Fotograf\u00eda Eurorregional pretende fomentar la participaci\u00f3n de los y las habitantes de Nueva-Aquitania, Euskadi y Navarra, con el objetivo de representar art\u00edsticamente la riqueza del patrimonio de la regi\u00f3n. Las personas que deseen participar deber\u00e1n seguir la siguiente mec\u00e1nica:<\/p>\n<ul>\n<li>\u00a0Tomar una fotograf\u00eda realizada en el territorio de Nueva-Aquitania, Euskadi o Navarra.<\/li>\n<li>Enviarla rellenando el formulario de inscripci\u00f3n disponible en nuestra p\u00e1gina web (v\u00e9anse m\u00e1s abajo las Condiciones de inscripci\u00f3n).<\/li>\n<li>Rellenar los datos personales y de contacto, y autorizar a la Eurorregi\u00f3n para el uso de la fotograf\u00eda para sus comunicaciones en RRSS y en su p\u00e1gina web, as\u00ed como en el calendario anual de 2026 (versi\u00f3n en l\u00ednea descargable desde la web e impresa).<\/li>\n<\/ul>\n<p>&nbsp;<\/p>\n<div class=\"row when_who_how\">\n<div class=\"col-md-4\">\n<h3><strong>\u00bfCu\u00e1ndo<\/strong>?<\/h3>\n<p><strong>Plazo<\/strong>: del 01 de diciembre al 19 de diciembre de 2025.<br \/>\n<strong>Selecci\u00f3n de fotograf\u00edas<\/strong>: 19 de diciembre de 2025.<br \/>\n<strong>Concurso en RRSS<\/strong>: del 22 de diciembre de 2025 al 05 enero de 2026.<\/p>\n<h3>Participa:<\/h3>\n<\/div>\n<div class=\"col-md-4\">\n<h3><strong>\u00bfCu\u00e1nto &amp; d\u00f3nde<\/strong>?<\/h3>\n<div class=\"page\" title=\"Page 4\">\n<div class=\"section\">\n<div class=\"layoutArea\">\n<div class=\"column\">\n<p><strong><em>Premio para la persona ganadora:<\/em><\/strong><br \/>\nCesta de productos gastron\u00f3micos de la Eurorregi\u00f3n.<br \/>\n<strong><em>Premios para los 12 finalistas:<\/em><\/strong><br \/>\n5 ediciones impresas del calendario eurorregional.<\/p>\n<\/div>\n<\/div>\n<\/div>\n<\/div>\n<\/div>\n<div class=\"col-md-4\">\n<h3>\u00bfPara <strong>qui\u00e9n <\/strong>?<\/h3>\n<div class=\"page\" title=\"Page 4\">\n<div class=\"section\">\n<div class=\"layoutArea\">\n<div class=\"column\">\n<p><b><i>Ciudadan\u00eda en general<\/i><\/b><\/p>\n<\/div>\n<\/div>\n<\/div>\n<\/div>\n<\/div>\n<\/div>\n<div class=\"buttons row no-gutters\" style=\"text-align: center;\">\n<div class=\"col-md-6 mt-4\">Concurso cerrado<\/div>\n<div class=\"col-md-6 mt-4\"><\/div>\n<div><\/div>\n<p>&nbsp;<\/p>\n<p>&nbsp;<\/p>\n<div style=\"text-align: center;\"><\/div>\n<div><\/div>\n<div><\/div>\n<div><\/div>\n<div><\/div>\n<div><\/div>\n<div><\/div>\n<div><\/div>\n<div class=\"row when_who_how\">\n<div class=\"col-md-4\"><\/div>\n<div class=\"col-md-4\">\n<div class=\"page\" title=\"Page 4\">\n<p>&nbsp;<\/p>\n<\/div>\n<\/div>\n<\/div>\n<\/div>\n","protected":false},"excerpt":{"rendered":"<p>La Eurorregi\u00f3n Nueva-Aquitania Euskadi Navarra edita cada a\u00f1o un calendario en el que se recogen las vacaciones escolares y los d\u00edas festivos de cada territorio, para facilitar la coordinaci\u00f3n entre los agentes econ\u00f3micos, pol\u00edticos y sociales implicados en las actividades transfronterizas. Con el objetivo de incentivar la creaci\u00f3n art\u00edstica y poner en valor la riqueza [&hellip;]<\/p>\n","protected":false},"author":15,"featured_media":16149,"parent":0,"menu_order":0,"comment_status":"closed","ping_status":"closed","template":"","meta":{"_acf_changed":false,"footnotes":""},"class_list":["post-16141","page","type-page","status-publish","has-post-thumbnail","hentry"],"acf":[],"_links":{"self":[{"href":"https:\/\/www.euroregion-naen.eu\/es\/wp-json\/wp\/v2\/pages\/16141","targetHints":{"allow":["GET"]}}],"collection":[{"href":"https:\/\/www.euroregion-naen.eu\/es\/wp-json\/wp\/v2\/pages"}],"about":[{"href":"https:\/\/www.euroregion-naen.eu\/es\/wp-json\/wp\/v2\/types\/page"}],"author":[{"embeddable":true,"href":"https:\/\/www.euroregion-naen.eu\/es\/wp-json\/wp\/v2\/users\/15"}],"replies":[{"embeddable":true,"href":"https:\/\/www.euroregion-naen.eu\/es\/wp-json\/wp\/v2\/comments?post=16141"}],"version-history":[{"count":0,"href":"https:\/\/www.euroregion-naen.eu\/es\/wp-json\/wp\/v2\/pages\/16141\/revisions"}],"wp:featuredmedia":[{"embeddable":true,"href":"https:\/\/www.euroregion-naen.eu\/es\/wp-json\/wp\/v2\/media\/16149"}],"wp:attachment":[{"href":"https:\/\/www.euroregion-naen.eu\/es\/wp-json\/wp\/v2\/media?parent=16141"}],"curies":[{"name":"wp","href":"https:\/\/api.w.org\/{rel}","templated":true}]}}